{"id":12465,"date":"2022-04-22T16:21:03","date_gmt":"2022-04-22T14:21:03","guid":{"rendered":"https:\/\/bohemia-mallorca.com\/bohe01\/clientes-particulares\/seguro-de-defensa-juridica\/"},"modified":"2023-07-29T11:57:49","modified_gmt":"2023-07-29T09:57:49","slug":"seguro-de-defensa-juridica","status":"publish","type":"page","link":"https:\/\/bohemia-mallorca.com\/es\/clientes-particulares\/seguro-de-defensa-juridica\/","title":{"rendered":"Seguro de defensa jur\u00eddica"},"content":{"rendered":"<div class=\"wpb-content-wrapper\"><p>[vc_row full_width=\u00bbstretch_row_content_no_spaces\u00bb el_class=\u00bbfixed-back-bild\u00bb el_id=\u00bbrechtsschutzversicherung\u00bb][vc_column offset=\u00bbvc_hidden-md vc_hidden-sm vc_hidden-xs\u00bb][vc_single_image image=\u00bb42275&#8243; img_size=\u00bbbohe-back\u00bb alignment=\u00bbcenter\u00bb][\/vc_column][\/vc_row][vc_row full_width=\u00bbstretch_row_content_no_spaces\u00bb el_class=\u00bbfixed-back-bild\u00bb][vc_column offset=\u00bbvc_hidden-lg\u00bb][vc_single_image image=\u00bb42271&#8243; img_size=\u00bbbohe-back\u00bb alignment=\u00bbcenter\u00bb][\/vc_column][\/vc_row][vc_row full_width=\u00bbstretch_row_content_no_spaces\u00bb full_height=\u00bbyes\u00bb columns_placement=\u00bbbottom\u00bb content_placement=\u00bbbottom\u00bb el_class=\u00bbsuper-balke-container-big\u00bb][vc_column][vc_row_inner el_class=\u00bbsuper-balke-slider\u00bb css=\u00bb.vc_custom_1687182577979{background-color: rgba(243,230,206,0.8) !important;*background-color: rgb(243,230,206) !important;}\u00bb][vc_column_inner][superbalke_father slides=\u00bb4&#8243;][superbalke_son numbericon=\u00bbone\u00bb color=\u00bb#666666&#8243; produkt_link=\u00bburl:%23this|title:Seguro%20de%20defensa%20jur%C3%ADdica|rel:nofollow|\u00bb]<\/p>\n<p><em>Protecci\u00f3n flexible, en funci\u00f3n de sus necesidades. Protecci\u00f3n jur\u00eddica para el tr\u00e1fico, el \u00e1mbito privado, el trabajo y el hogar, en funci\u00f3n de su situaci\u00f3n vital<\/em><\/p>\n<p>[\/superbalke_son][superbalke_son numbericon=\u00bbtwo\u00bb color=\u00bb#666666&#8243; produkt_link=\u00bburl:%23this|title:Seguro%20de%20defensa%20jur%C3%ADdica|rel:nofollow|\u00bb]<\/p>\n<p><em>\u00a1Para que te salga bien!<\/em><\/p>\n<p>[\/superbalke_son][superbalke_son numbericon=\u00bbthree\u00bb color=\u00bb#666666&#8243; produkt_link=\u00bburl:%23this|title:Seguro%20de%20defensa%20jur%C3%ADdica|rel:nofollow|\u00bb]<\/p>\n<p><em>Muy buena relaci\u00f3n calidad-precio y primas bajas, con una ventaja de precio para los clientes de Bohemia<\/em><\/p>\n<p>[\/superbalke_son][superbalke_son numbericon=\u00bbfour\u00bb color=\u00bb#666666&#8243; produkt_link=\u00bburl:%23this|title:Seguro%20de%20defensa%20jur%C3%ADdica|rel:nofollow|\u00bb]<\/p>\n<p><em>Seguro de defensa jur\u00eddica: su protecci\u00f3n contra los costes elevados<\/em><\/p>\n<p>[\/superbalke_son][\/superbalke_father][vc_btn title=\u00bbleer m\u00e1s\u00bb shape=\u00bbround\u00bb color=\u00bbbtn-circle-down\u00bb link=\u00bburl:%23this|title:Seguro%20de%20defensa%20jur%C3%ADdica|\u00bb el_id=\u00bbthis\u00bb][\/vc_column_inner][\/vc_row_inner][\/vc_column][\/vc_row][vc_row full_width=\u00bbstretch_row_content_no_spaces\u00bb equal_height=\u00bbyes\u00bb content_placement=\u00bbtop\u00bb css=\u00bb.vc_custom_1688731805133{background-color: #8d8a81 !important;}\u00bb el_class=\u00bbdunkel\u00bb][vc_column css=\u00bb.vc_custom_1657191406755{padding-top: 0px !important;}\u00bb][vc_custom_heading text=\u00bb<strong>Seguro de<\/strong> <em>defensa jur\u00eddica <\/em>\u00bb font_container=\u00bbtag:h1|text_align:left|color:%23f6ecda\u00bb el_class=\u00bbinvert\u00bb][vc_column_text]<span style=\"color: #f6ecda;\">En situaciones imprevistas,<br \/>\npuede resultar necesario recurrir a los servicios de un abogado.<\/span><br \/>\n<span style=\"color: #f6ecda;\">Existe un seguro de defensa jur\u00eddica para cada ocasi\u00f3n y para cada grupo.<\/span><br \/>\n<span style=\"color: #f6ecda;\">Estos seguros pueden ser contratados por familias, particulares, conductores, empresas,<br \/>\naut\u00f3nomos e incluso propietarios y comunidades de propietarios.<\/span><br \/>\n<span style=\"color: #f6ecda;\">Contratando un seguro de defensa jur\u00eddica, estar\u00e1 protegido en situaciones en las que tenga que reclamar una indemnizaci\u00f3n o solicitar el asesoramiento de un abogado si se vulneran sus derechos.<\/span>[\/vc_column_text][\/vc_column][\/vc_row][vc_row full_width=\u00bbstretch_row_content_no_spaces\u00bb content_placement=\u00bbtop\u00bb el_class=\u00bbsuper-balke-container-small\u00bb][vc_column css_animation=\u00bbnone\u00bb][\/vc_column][\/vc_row][vc_row full_width=\u00bbstretch_row_content_no_spaces\u00bb equal_height=\u00bbyes\u00bb content_placement=\u00bbtop\u00bb css=\u00bb.vc_custom_1688731824697{background-color: #8d8a81 !important;}\u00bb el_class=\u00bbbullets-block dunkel\u00bb][vc_column][vc_custom_heading text=\u00bb<strong>A la medida<\/strong> <em> de sus necesidades<\/em>\u00bb font_container=\u00bbtag:p|text_align:left|color:%23f6ecda\u00bb css_animation=\u00bbfadeInRight\u00bb el_class=\u00bbheading-size-1 invert\u00bb][vc_custom_heading text=\u00bb\u00bfQu\u00e9 cobertura ofrece el seguro de defensa jur\u00eddica?\u00bb font_container=\u00bbtag:h2|text_align:left|color:%23f3e6ce\u00bb el_class=\u00bbheading-size-4&#8243;][vc_column_text]<\/p>\n<ul>\n<li><span style=\"color: #f6ecda;\">Seguro privado de defensa jur\u00eddica<\/span>\n<ul>\n<li><span style=\"color: #f6ecda;\">Separaciones, divorcios, capitulaciones matrimoniales, disoluci\u00f3n de la sociedad de gananciales y otros reg\u00edmenes econ\u00f3micos, relaciones matrimoniales, hijos, herencias, etc.<\/span><\/li>\n<li><span style=\"color: #f6ecda;\">Vivienda (como inquilino o propietario): defensa en conflictos con empleados del hogar; conflictos contractuales y extracontractuales.<\/span><\/li>\n<li><span style=\"color: #f6ecda;\">Trabajo: contratos, impago de salarios, seguridad social, pensiones, incapacidad, despidos, etc.<\/span><\/li>\n<li><span style=\"color: #f6ecda;\">Como consumidor: compras, telefon\u00eda, internet, servicios p\u00fablicos (agua, electricidad, gas), garajes, ocio y viajes.<\/span><\/li>\n<li><span style=\"color: #f6ecda;\">Defensa penal<\/span><\/li>\n<li><span style=\"color: #f6ecda;\">Apoyo, asesoramiento y asistencia personal de un abogado especializado.<\/span><\/li>\n<li><span style=\"color: #f6ecda;\">Documentos jur\u00eddicos, como la redacci\u00f3n y revisi\u00f3n de contratos.<\/span><\/li>\n<li><span style=\"color: #f6ecda;\">Honorarios de los profesionales que intervienen en los litigios.<\/span><\/li>\n<li><span style=\"color: #f6ecda;\">Gastos urgentes.<\/span><\/li>\n<li><span style=\"color: #f6ecda;\">Recursos, remedios y transacciones.<\/span><\/li>\n<li><span style=\"color: #f6ecda;\">Defensa y reclamaciones de herencia.<\/span><\/li>\n<li><span style=\"color: #f6ecda;\">Fianzas.<\/span><\/li>\n<li><span style=\"color: #f6ecda;\">Robo de identidad.<\/span><\/li>\n<li><span style=\"color: #f6ecda;\">Gastos jur\u00eddicos en materia de defensa penal, laboral, accidentes de tr\u00e1fico, separaci\u00f3n o divorcio, fiscalidad y vivienda.<\/span><\/li>\n<li><span style=\"color: #f6ecda;\">Defensa penal: Cobertura en caso de cargos penales<\/span><\/li>\n<li><span style=\"color: #f6ecda;\">La defensa civil: Cobertura en caso de imprudencia, negligencia o inexperiencia en la vida privada.<\/span><\/li>\n<li><span style=\"color: #f6ecda;\">Derecho laboral: resoluci\u00f3n de conflictos laborales, ya sea contra la empresa o por una reclamaci\u00f3n de prestaciones de la seguridad social.<\/span><\/li>\n<li><span style=\"color: #f6ecda;\">Derechos del consumidor: reclamaciones por incumplimiento de contrato.<\/span><\/li>\n<li><span style=\"color: #f6ecda;\">Asesoramiento jur\u00eddico telef\u00f3nico: un equipo de abogados especializados atiende con prontitud la aclaraci\u00f3n de las cuestiones y dudas de car\u00e1cter jur\u00eddico que puedan surgir en el \u00e1mbito de la vida privada. Por ejemplo:<\/span>\n<ul>\n<li><span style=\"color: #f6ecda;\">Elaboraci\u00f3n de un contrato de arrendamiento, gesti\u00f3n de un inquilino moroso.<\/span><\/li>\n<li><span style=\"color: #f6ecda;\">Separaciones, divorcios, anulaciones, pensiones alimenticias, herencias.<\/span><\/li>\n<li><span style=\"color: #f6ecda;\">Conflictos con las compras en l\u00ednea.<\/span><\/li>\n<li><span style=\"color: #f6ecda;\">Problemas con la comunidad de propietarios o vecinos de la misma.<\/span><\/li>\n<\/ul>\n<\/li>\n<\/ul>\n<\/li>\n<li><span style=\"color: #f6ecda;\">Familia &#8211; protecci\u00f3n jur\u00eddica<\/span>\n<ul>\n<li><span style=\"color: #f6ecda;\">El seguro de defensa jur\u00eddica m\u00e1s completo para cualquier tipo de familia: El seguro de defensa jur\u00eddica familiar protege a todas las familias con miembros mayores y menores. Con este seguro, podr\u00e1s contar con abogados especializados para cualquier percance o duda legal que te surja en tu d\u00eda a d\u00eda. Incluye la defensa en procedimientos judiciales sin coste adicional.<\/span><\/li>\n<\/ul>\n<\/li>\n<li><span style=\"color: #f6ecda;\">Seguro de ocupaci\u00f3n ilegale<\/span>\n<ul>\n<li><span style=\"color: #f6ecda;\">El seguro de ocupaci\u00f3n le ofrece toda la protecci\u00f3n legal que necesita en caso de que se produzca una ocupaci\u00f3n en su vivienda, ya sea su residencia habitual, una segunda vivienda o un local comercial.<\/span><\/li>\n<\/ul>\n<\/li>\n<li><span style=\"color: #f6ecda;\">Seguro de impago de alquiler<\/span>\n<ul>\n<li><span style=\"color: #f6ecda;\">Si es usted arrendador, tambi\u00e9n le ofrecemos cobertura por impago de alquiler.<\/span><\/li>\n<\/ul>\n<\/li>\n<li><span style=\"color: #f6ecda;\">Comunidad de Propietarios<\/span>\n<ul>\n<li><span style=\"color: #f6ecda;\">Protege la comunidad y a las personas que la gestionan.<\/span><\/li>\n<\/ul>\n<\/li>\n<li><span style=\"color: #f6ecda;\">Seguro de caza<\/span>\n<ul>\n<li><span style=\"color: #f6ecda;\">Si su arma se dispara accidentalmente y hiere a alguien, su seguro pagar\u00e1 las reclamaciones por da\u00f1os corporales.<\/span><\/li>\n<\/ul>\n<\/li>\n<li><span style=\"color: #f6ecda;\">Seguro de pesca<\/span>\n<ul>\n<li><span style=\"color: #f6ecda;\">Responsabilidad civil obligatoria con garant\u00edas adicionales para los pescadores.<\/span><\/li>\n<\/ul>\n<\/li>\n<li><span style=\"color: #f6ecda;\">Seguro contra la p\u00e9rdida del permiso de conducir<\/span>\n<ul>\n<li><span style=\"color: #f6ecda;\">Indemnizaci\u00f3n mensual por la retirada del permiso de conducir, as\u00ed como los gastos de matriculaci\u00f3n para la recuperaci\u00f3n de puntos.<\/span><\/li>\n<\/ul>\n<\/li>\n<\/ul>\n<p>[\/vc_column_text][\/vc_column][\/vc_row][vc_row full_width=\u00bbstretch_row_content_no_spaces\u00bb equal_height=\u00bbyes\u00bb content_placement=\u00bbtop\u00bb css=\u00bb.vc_custom_1688731832674{background-color: #8d8a81 !important;}\u00bb el_class=\u00bbdetails\u00bb][vc_column][bohe_carousel_small_father vertikalalign=\u00bbslider-center\u00bb backcolor=\u00bb#282626&#8243; textcolor=\u00bb#f3e6ce\u00bb][bohe_carousel_small_son contentheader=\u00bb\u00bb]<\/p>\n<h4 style=\"color: #f3e6ce;\">El objetivo del seguro de defensa jur\u00eddica<\/h4>\n<p>es proteger los intereses del asegurado en caso de problemas a los que se enfrente y que puedan afectar a sus bienes o derechos. Por ello, las compa\u00f1\u00edas de defensa jur\u00eddica cubren los gastos que sus clientes puedan tener en los tribunales, en los arbitrajes o en los procedimientos administrativos. Por ello, las compa\u00f1\u00edas de defensa jur\u00eddica cubren los gastos que sus clientes puedan tener en los tribunales, en los arbitrajes o en los procedimientos administrativos.<br \/>\nDe este modo, el cliente recibe asistencia jur\u00eddica sin tener que asumir los elevados costes que suelen conllevar este tipo de procedimientos: Los honorarios de los abogados, los gastos judiciales, los gastos notariales e incluso la fianza en los procesos penales.[\/bohe_carousel_small_son][bohe_carousel_small_son contentheader=\u00bb\u00bb]Cualquier actividad de nuestra vida cotidiana, como por ejemplo realizar una compra en Internet, utilizar un servicio, firmar un contrato de trabajo o defender nuestros derechos como propietarios de una vivienda, puede requerir, sin que seamos conscientes de ello, la opini\u00f3n o aclaraci\u00f3n de un profesional.<br \/>\nIncluso pueden ser necesarios los servicios de un abogado que represente nuestros propios intereses en caso de que no se cumplan nuestros derechos.[\/bohe_carousel_small_son][bohe_carousel_small_son contentheader=\u00bb\u00bb]<\/p>\n<p class=\"nopadding\"><strong>\u00bfCu\u00e1les son las principales ventajas del seguro de defensa jur\u00eddica?<\/strong><\/p>\n<ul>\n<li>Asistencia jur\u00eddica ilimitada por tel\u00e9fono: los abogados est\u00e1n disponibles para aclarar cuestiones jur\u00eddicas, con un n\u00famero ilimitado de consultas.<\/li>\n<li>Defensa del consumidor: La compa\u00f1\u00eda de seguros le asesorar\u00e1 y tomar\u00e1 las medidas oportunas si ha comprado algo y no est\u00e1 satisfecho.<\/li>\n<li>Redacci\u00f3n y revisi\u00f3n de contratos: Si quiere redactar un documento legal o hacer que lo revisen, los abogados de la empresa est\u00e1n a su disposici\u00f3n.<\/li>\n<li>Defensa jur\u00eddica frente a la administraci\u00f3n p\u00fablica: si se enfrenta a una sanci\u00f3n o quiere defender sus derechos como ciudadano, la empresa le defender\u00e1.<\/li>\n<\/ul>\n<p>[\/bohe_carousel_small_son][bohe_carousel_small_son contentheader=\u00bb\u00bb]<\/p>\n<p class=\"nopadding\"><strong>\u00bfCu\u00e1les son las diferencias entre la defensa jur\u00eddica y la protecci\u00f3n jur\u00eddica?<\/strong><\/p>\n<p>En la defensa jur\u00eddica, el asegurador cubre los gastos en que pueda incurrir el asegurado como consecuencia de la intervenci\u00f3n en un procedimiento administrativo, judicial o de arbitraje. El asegurador pone a disposici\u00f3n del asegurado los servicios de asistencia jur\u00eddica judicial y extrajudicial derivados de la cobertura del seguro.<br \/>\nLa protecci\u00f3n jur\u00eddica tiene la misma finalidad, pero el asegurador tiene derecho a designar \u00e9l mismo a los abogados, fiscales y peritos.<br \/>\nCon la defensa jur\u00eddica, el asegurado tiene este derecho de su parte.[\/bohe_carousel_small_son][\/bohe_carousel_small_father][\/vc_column][\/vc_row][vc_row full_width=\u00bbstretch_row_content_no_spaces\u00bb equal_height=\u00bbyes\u00bb content_placement=\u00bbtop\u00bb el_class=\u00bbdetails\u00bb css=\u00bb.vc_custom_1688731841237{background-color: #8d8a81 !important;}\u00bb][vc_column][vc_custom_heading text=\u00bbModalidades del seguro de defensa jur\u00eddica\u00bb font_container=\u00bbtag:h4|text_align:left|color:%23f6ecda\u00bb][\/vc_column][\/vc_row][vc_row full_width=\u00bbstretch_row_content_no_spaces\u00bb equal_height=\u00bbyes\u00bb content_placement=\u00bbtop\u00bb el_class=\u00bbdunkel two-column-imageback details\u00bb css=\u00bb.vc_custom_1688731864457{background-color: #8d8a81 !important;}\u00bb][vc_column css=\u00bb.vc_custom_1690624457568{background-image: url(https:\/\/bohemia-mallorca.com\/wp-content\/uploads\/2023\/06\/recht-schutz-versicherung-spanien_quer-jpg.webp?id=42275) !important;}\u00bb][vc_row_inner equal_height=\u00bbyes\u00bb el_class=\u00bbtwo-columns bild-oben\u00bb el_id=\u00bbtothetop\u00bb][vc_column_inner width=\u00bb1\/2&#8243; css=\u00bb.vc_custom_1688731874812{border-right-width: 1.5rem !important;border-bottom-width: 1.5rem !important;border-left-width: 1.5rem !important;border-left-color: #8d8a81 !important;border-left-style: solid !important;border-right-color: #8d8a81 !important;border-right-style: solid !important;border-bottom-color: #8d8a81 !important;border-bottom-style: solid !important;}\u00bb][vc_custom_heading text=\u00bbComunidad de Propietarios\u00bb font_container=\u00bbtag:div|text_align:left\u00bb link=\u00bburl:%23block-one|title:Comunidad%20de%20Propietarios|\u00bb css=\u00bb.vc_custom_1668586174899{background-color: #ffffff !important;}\u00bb][\/vc_column_inner][vc_column_inner width=\u00bb1\/2&#8243; css=\u00bb.vc_custom_1688731882294{border-right-width: 1.5rem !important;border-bottom-width: 1.5rem !important;border-left-width: 1.5rem !important;border-left-color: #8d8a81 !important;border-left-style: solid !important;border-right-color: #8d8a81 !important;border-right-style: solid !important;border-bottom-color: #8d8a81 !important;border-bottom-style: solid !important;}\u00bb][vc_custom_heading text=\u00bbSeguro de impago de alquiler\u00bb font_container=\u00bbtag:div|text_align:left\u00bb link=\u00bburl:%23block-two|title:Seguro%20de%20impago%20de%20alquiler|\u00bb css=\u00bb.vc_custom_1668586186537{background-color: #b1d3bb !important;}\u00bb][\/vc_column_inner][\/vc_row_inner][vc_row_inner equal_height=\u00bbyes\u00bb el_class=\u00bbtwo-columns bild-oben\u00bb][vc_column_inner width=\u00bb1\/2&#8243; css=\u00bb.vc_custom_1688731889603{border-right-width: 1.5rem !important;border-bottom-width: 1.5rem !important;border-left-width: 1.5rem !important;border-left-color: #8d8a81 !important;border-left-style: solid !important;border-right-color: #8d8a81 !important;border-right-style: solid !important;border-bottom-color: #8d8a81 !important;border-bottom-style: solid !important;}\u00bb][vc_custom_heading text=\u00bbSeguro de ocupaci\u00f3n ilegale\u00bb font_container=\u00bbtag:div|text_align:left\u00bb link=\u00bburl:%23block-three|title:Seguro%20de%20ocupaci%C3%B3n%20ilegale|\u00bb css=\u00bb.vc_custom_1668586207262{background-color: #f3e6ce !important;}\u00bb][\/vc_column_inner][vc_column_inner width=\u00bb1\/2&#8243; css=\u00bb.vc_custom_1688731898096{border-right-width: 1.5rem !important;border-bottom-width: 1.5rem !important;border-left-width: 1.5rem !important;border-left-color: #8d8a81 !important;border-left-style: solid !important;border-right-color: #8d8a81 !important;border-right-style: solid !important;border-bottom-color: #8d8a81 !important;border-bottom-style: solid !important;}\u00bb][vc_custom_heading text=\u00bbSeguro contra la p\u00e9rdida del permiso de conducir\u00bb font_container=\u00bbtag:div|text_align:left\u00bb link=\u00bburl:%23block-four|title:Seguro%20contra%20la%20p%C3%A9rdida%20del%20permiso%20de%20conducir|\u00bb css=\u00bb.vc_custom_1668586197496{background-color: #cccccc !important;}\u00bb][\/vc_column_inner][\/vc_row_inner][vc_row_inner equal_height=\u00bbyes\u00bb el_class=\u00bbtwo-columns bild-oben\u00bb][vc_column_inner width=\u00bb1\/2&#8243; css=\u00bb.vc_custom_1688731904263{border-right-width: 1.5rem !important;border-bottom-width: 1.5rem !important;border-left-width: 1.5rem !important;border-left-color: #8d8a81 !important;border-left-style: solid !important;border-right-color: #8d8a81 !important;border-right-style: solid !important;border-bottom-color: #8d8a81 !important;border-bottom-style: solid !important;}\u00bb][vc_custom_heading text=\u00bbSeguro de caza\u00bb font_container=\u00bbtag:div|text_align:left\u00bb link=\u00bburl:%23block-five|title:Seguro%20de%20caza|\u00bb css=\u00bb.vc_custom_1668586216565{background-color: #c3aa9d !important;}\u00bb][\/vc_column_inner][vc_column_inner width=\u00bb1\/2&#8243; css=\u00bb.vc_custom_1688731911155{border-right-width: 1.5rem !important;border-bottom-width: 1.5rem !important;border-left-width: 1.5rem !important;border-left-color: #8d8a81 !important;border-left-style: solid !important;border-right-color: #8d8a81 !important;border-right-style: solid !important;border-bottom-color: #8d8a81 !important;border-bottom-style: solid !important;}\u00bb][vc_custom_heading text=\u00bbSeguro para pescadores\u00bb font_container=\u00bbtag:div|text_align:left\u00bb link=\u00bburl:%23block-six|title:Seguro%20para%20pescadores|\u00bb css=\u00bb.vc_custom_1668586224432{background-color: #b1dbf0 !important;}\u00bb][\/vc_column_inner][\/vc_row_inner][\/vc_column][\/vc_row][vc_row full_width=\u00bbstretch_row_content_no_spaces\u00bb equal_height=\u00bbyes\u00bb content_placement=\u00bbtop\u00bb el_class=\u00bbdunkel details\u00bb css=\u00bb.vc_custom_1688731978463{background-color: #8d8a81 !important;}\u00bb][vc_column][vc_row_inner el_class=\u00bbblocks dunkel\u00bb el_id=\u00bbblock-one\u00bb][vc_column_inner el_class=\u00bbround-center\u00bb css=\u00bb.vc_custom_1654068443529{background-color: #ffffff !important;}\u00bb][vc_column_text]<strong>Comunidad de Propietarios<\/strong><br \/>\nEste seguro protege la propiedad y a las personas que la gestionan.<br \/>\nLa vida en una comunidad de propietarios siempre es complicada. Cuanto m\u00e1s grande sea la propiedad, m\u00e1s probable ser\u00e1 que haya problemas o desacuerdos entre los vecinos.<br \/>\nEste seguro protege a la comunidad de propietarios, al presidente y dem\u00e1s miembros de la junta directiva, y al administrador o secretario.<\/p>\n<p>Coberturas:<\/p>\n<ul class=\"nopadding\">\n<li>Protecci\u00f3n jur\u00eddica contra la responsabilidad civil y penal<\/li>\n<li>Defensa de los derechos relativos a la propiedad<\/li>\n<li>Reclamaciones por incumplimiento de contrato<\/li>\n<li>Defensa de otros seguros<\/li>\n<\/ul>\n<p>[\/vc_column_text][vc_btn title=\u00bbTop\u00bb color=\u00bbbtn-top\u00bb align=\u00bbright\u00bb link=\u00bburl:%23tothetop|title:top|rel:nofollow|\u00bb][\/vc_column_inner][\/vc_row_inner][vc_row_inner el_class=\u00bbblocks dunkel\u00bb el_id=\u00bbblock-two\u00bb][vc_column_inner el_class=\u00bbround-center\u00bb css=\u00bb.vc_custom_1654068515962{background-color: #b1d3bb !important;}\u00bb][vc_column_text]<strong>Seguro de impago de alquiler<\/strong><br \/>\nEl seguro m\u00e1s completo para el impago del alquiler.<br \/>\nSi es Usted el propietario de una vivienda o edificio alquilado, puede protegerse de posibles conflictos por impago de la renta con un seguro de p\u00e9rdida de alquiler.<\/p>\n<p>\u00bfEs due\u00f1o de un local y quiere alquilarlo?<br \/>\nSi alquila su local y quiere garantizar el pago de las cuotas mensuales, este es el mejor producto para Usted.<br \/>\nOlv\u00eddese de eventuales quebraderos de cabeza, porque los abogados le apoyar\u00e1n para reclamar y defender sus derechos y garantizar el cobro de la renta mensual.<\/p>\n<p>Coberturas:<\/p>\n<ul class=\"nopadding\">\n<li>Impago del alquiler (opciones de hasta 18 meses).<\/li>\n<li>Defensa y ejecuci\u00f3n del contrato de arrendamiento<\/li>\n<li>Defensa penal<\/li>\n<li>Reclamaciones por da\u00f1os causados a la propiedad y su contenido.<\/li>\n<li>Vandalismo en el edificio<\/li>\n<li>Asesoramiento jur\u00eddico por tel\u00e9fono<\/li>\n<li>Cerrajeros y costes de las cerraduras<\/li>\n<\/ul>\n<p>&nbsp;<\/p>\n<p>Preguntas y respuestas frecuentes sobre el seguro de impago del alquiler<br \/>\n<em><strong>\u00bfQui\u00e9n paga el seguro?<\/strong><\/em><br \/>\nRecomendamos que este seguro de defensa jur\u00eddica lo pague siempre el propietario del inmueble.<br \/>\n<em><strong><br \/>\n\u00bfCu\u00e1l es la validez del seguro?<\/strong><\/em><br \/>\nEste seguro tiene una validez de un a\u00f1o y se renueva autom\u00e1ticamente si no se solicita su cancelaci\u00f3n por escrito.<br \/>\n<em><strong><br \/>\n\u00bfCu\u00e1ndo empiezo a recibir el pago mensual del alquiler por adelantado?<\/strong><\/em><br \/>\nEl pago anticipado de las rentas impagadas por parte de la compa\u00f1\u00eda de seguros se realizar\u00e1 en un plazo de 3 meses a partir de la primera mensualidad impagada una vez iniciado el litigio.<br \/>\n<em><strong><br \/>\n\u00bfEst\u00e1 cubierto el impago de los servicios p\u00fablicos?<\/strong><\/em><br \/>\nMientras el inquilino no haya pagado su alquiler, su seguro cubrir\u00e1 el coste de la deuda pendiente o el cambio o la reinscripci\u00f3n del contrato de servicios (agua, gas y electricidad), si es menor, hasta un m\u00e1ximo de 150 euros.<br \/>\n<em><strong><br \/>\n\u00bfQu\u00e9 ocurre si el inquilino se muda o es inminente un cambio de inquilino?<\/strong><\/em><br \/>\nSi el inquilino se muda o cambia de inquilino, no es necesario cancelar el seguro que ha contratado. En este sentido, basta con ponerse en contacto con nosotros y realizar una suspensi\u00f3n temporal mediante la firma del acuerdo de cancelaci\u00f3n.<br \/>\n<em><strong><br \/>\n\u00bfQu\u00e9 ocurre si el inquilino se muda durante el impago?<\/strong><\/em><br \/>\nEn caso de que el inquilino moroso entregue las llaves y se marche, aunque usted ya nos haya informado del impago pero a\u00fan no se haya interpuesto la demanda de desahucio, le abonaremos un anticipo de hasta 2 meses del impago (menos la franquicia mensual).[\/vc_column_text][vc_btn title=\u00bbTop\u00bb color=\u00bbbtn-top\u00bb align=\u00bbright\u00bb link=\u00bburl:%23tothetop|title:top|rel:nofollow|\u00bb][\/vc_column_inner][\/vc_row_inner][vc_row_inner el_class=\u00bbblocks dunkel\u00bb el_id=\u00bbblock-three\u00bb][vc_column_inner el_class=\u00bbround-center\u00bb css=\u00bb.vc_custom_1654068591371{background-color: #f3e6ce !important;}\u00bb][vc_column_text]<\/p>\n<p class=\"nopadding\"><strong>Seguro de ocupaci\u00f3n ilegale<\/strong><br \/>\nUna casa es algo m\u00e1s que un hogar. Es el lugar donde realizas tus sue\u00f1os y, en muchos casos, un proyecto de vida. Por lo tanto, nada deber\u00eda ser m\u00e1s importante que la seguridad de su hogar para protegerlo de imprevistos y situaciones no deseadas.<br \/>\nEl seguro de ocupaci\u00f3n le ofrece toda la protecci\u00f3n legal que necesita en caso de que se produzca una ocupaci\u00f3n en su piso o casa. No importa si se trata de su residencia habitual, de una segunda vivienda o de un local comercial.<\/p>\n<p>Coberturas:<\/p>\n<ul class=\"nopadding\">\n<li>Tiene derecho a una indemnizaci\u00f3n por los da\u00f1os que haya sufrido su vivienda durante la ocupaci\u00f3n.<\/li>\n<li>Un abogado especializado le asesorar\u00e1 sobre c\u00f3mo proceder en caso de ocupaci\u00f3n de su vivienda.<\/li>\n<li>Honorarios, derechos y costas judiciales derivadas de la tramitaci\u00f3n del procedimiento en cuesti\u00f3n.<\/li>\n<li>Costes derivados del proceso de mediaci\u00f3n.<\/li>\n<li>Honorarios de los abogados<\/li>\n<li>Honorarios y gastos notariales por el otorgamiento de poderes y por las actas, citaciones y dem\u00e1s actos necesarios para la defensa de los intereses del asegurado.<\/li>\n<li>Los honorarios y gastos de los peritos necesarios.<\/li>\n<\/ul>\n<p>[\/vc_column_text][vc_btn title=\u00bbTop\u00bb color=\u00bbbtn-top\u00bb align=\u00bbright\u00bb link=\u00bburl:%23tothetop|title:top|rel:nofollow|\u00bb][\/vc_column_inner][\/vc_row_inner][vc_row_inner el_class=\u00bbblocks dunkel\u00bb el_id=\u00bbblock-four\u00bb][vc_column_inner el_class=\u00bbround-center\u00bb css=\u00bb.vc_custom_1654068643034{background-color: #cccccc !important;}\u00bb][vc_column_text]<strong>Seguro contra la p\u00e9rdida del permiso de conducir<\/strong><br \/>\nSi usted depende de su veh\u00edculo para trabajar, una p\u00e9rdida de puntos que le lleve a la retirada del permiso de conducir puede causarle perjuicios econ\u00f3micos, profesionales y personales.<br \/>\nEl seguro de p\u00e9rdida del permiso de conducir le ofrece protecci\u00f3n contra la p\u00e9rdida de puntos.<\/p>\n<p>Coberturas:<\/p>\n<ul class=\"nopadding\">\n<li>Indemnizaci\u00f3n mensual por la revocaci\u00f3n del permiso de conducir.<\/li>\n<li>Tasas de matr\u00edcula de la DGT para la recuperaci\u00f3n parcial o total de puntos en los cursos<\/li>\n<li>Gastos de inmovilizaci\u00f3n y retirada del veh\u00edculo<\/li>\n<li>Asesoramiento jur\u00eddico, protecci\u00f3n jur\u00eddica, defensa jur\u00eddica<\/li>\n<li>Recursos<\/li>\n<\/ul>\n<p>[\/vc_column_text][vc_btn title=\u00bbTop\u00bb color=\u00bbbtn-top\u00bb align=\u00bbright\u00bb link=\u00bburl:%23tothetop|title:top|rel:nofollow|\u00bb][\/vc_column_inner][\/vc_row_inner][vc_row_inner el_class=\u00bbblocks dunkel\u00bb el_id=\u00bbblock-five\u00bb][vc_column_inner el_class=\u00bbround-center\u00bb css=\u00bb.vc_custom_1654068668658{background-color: #c3aa9d !important;}\u00bb][vc_column_text]<strong>Seguro de caza<\/strong><br \/>\nEl seguro de caza puede contratarse de varias formas. Puede ser un seguro de cobertura obligatoria. Se puede contratar una protecci\u00f3n adicional para su integridad f\u00edsica, sus armas e incluso sus perros de caza.<\/p>\n<p><strong>Cobertura del seguro de caza<\/strong><\/p>\n<p><strong>Responsabilidad civil obligatoria de los cazadores<\/strong><br \/>\nSi su arma se dispara accidentalmente y hiere a alguien, su seguro pagar\u00e1 las reclamaciones por da\u00f1os corporales.<br \/>\n<em><strong><br \/>\nResponsabilidad civil voluntaria en materia de caza y pesca<\/strong><\/em><br \/>\nEl valor es de 90.151,82 euros por persona en los t\u00e9rminos del Reglamento del Seguro de Responsabilidad Civil.<br \/>\n<em><strong><br \/>\nMuerte y discapacidad <\/strong><\/em><br \/>\nSi fallece como consecuencia de un accidente durante sus actividades de caza o pesca, sus beneficiarios recibir\u00e1n el capital asegurado y un anticipo de hasta 1.502,53 euros por los gastos ocasionados.<br \/>\n<em><strong><br \/>\nInvalidez permanente total o parcial <\/strong><\/em><br \/>\nSi sufre un accidente de caza y queda totalmente incapacitado, recibir\u00e1 la totalidad del capital asegurado.<br \/>\nEn caso de incapacidad parcial, la cuant\u00eda de la pensi\u00f3n depende del grado de incapacidad.<br \/>\n<em><strong><br \/>\nRepatriaci\u00f3n en 24 horas<\/strong><\/em><br \/>\nSi tiene un accidente en el extranjero, los gastos de transporte a un hospital en Espa\u00f1a est\u00e1n cubiertos. Adem\u00e1s de los gastos m\u00e9dicos, tambi\u00e9n se cubren los gastos de fianzas, abogados o gastos por enfermedades graves hasta un m\u00e1ximo de 3.005,06 euros.<br \/>\n<em><strong><br \/>\nCostes sanitarios<\/strong><\/em><br \/>\nSi sufre un accidente y necesita ser rescatado, los gastos de b\u00fasqueda y rescate est\u00e1n cubiertos hasta el 10% del capital asegurado por invalidez permanente.<br \/>\n<em><strong><br \/>\nRifles de caza<\/strong><\/em><br \/>\nEn caso de robo de su rifle, se cubre hasta el 100 % de la suma asegurada.<br \/>\n<em><strong><br \/>\nMuerte de perros <\/strong><\/em><br \/>\nSi su perro recibe un disparo y muere, su seguro cubrir\u00e1 hasta el 100% de la suma asegurada.[\/vc_column_text][vc_btn title=\u00bbTop\u00bb color=\u00bbbtn-top\u00bb align=\u00bbright\u00bb link=\u00bburl:%23tothetop|title:top|rel:nofollow|\u00bb][\/vc_column_inner][\/vc_row_inner][vc_row_inner el_class=\u00bbblocks dunkel\u00bb el_id=\u00bbblock-six\u00bb][vc_column_inner el_class=\u00bbround-center\u00bb css=\u00bb.vc_custom_1654068726287{background-color: #b1dbf0 !important;}\u00bb][vc_column_text]<strong>Seguro para pescadores<\/strong><br \/>\nEl seguro para pescadores le permite disfrutar de su afici\u00f3n con tranquilidad: una soluci\u00f3n flexible que le permite cubrir la responsabilidad civil obligatoria e incluir las garant\u00edas adicionales que necesite.<\/p>\n<p>Coberturas:<\/p>\n<ul class=\"nopadding\">\n<li>Responsabilidad frente a terceros<\/li>\n<li>Accidentes personales del pescador<\/li>\n<li>Asistencia en viaje a nivel nacional o mundial (excepto Estados Unidos, Canad\u00e1 y M\u00e9xico)<\/li>\n<li>Ampliaci\u00f3n de la cobertura a la Uni\u00f3n Europea o al resto del mundo (excepto Estados Unidos, Canad\u00e1 y M\u00e9xico)<\/li>\n<\/ul>\n<p>[\/vc_column_text][vc_btn title=\u00bbTop\u00bb color=\u00bbbtn-top\u00bb align=\u00bbright\u00bb link=\u00bburl:%23tothetop|title:top|rel:nofollow|\u00bb][\/vc_column_inner][\/vc_row_inner][\/vc_column][\/vc_row][vc_row full_width=\u00bbstretch_row_content_no_spaces\u00bb equal_height=\u00bbyes\u00bb content_placement=\u00bbtop\u00bb css=\u00bb.vc_custom_1688732007226{background-color: #8d8a81 !important;}\u00bb el_class=\u00bbsuper-balke-container-big\u00bb][vc_column][vc_row_inner el_class=\u00bbsuper-balke-slider\u00bb css=\u00bb.vc_custom_1689562792987{background-color: rgba(243,230,206,0.8) !important;*background-color: rgb(243,230,206) !important;}\u00bb][vc_column_inner][superbalke_father slides=\u00bb4&#8243;][superbalke_son color=\u00bb#666666&#8243; produkt_link=\u00bburl:%23|title:Seguro%20para%20Coches|rel:nofollow|\u00bb]<em>Hablamos su idioma<\/em><\/p>\n<p>Le asesoramos en su lengua materna.[\/superbalke_son][superbalke_son color=\u00bb#666666&#8243; produkt_link=\u00bburl:%23|title:Seguro%20para%20Coches|rel:nofollow|\u00bb]<em>Asesoramiento<\/em><\/p>\n<p>Su seguro a la medida de sus necesidades.[\/superbalke_son][superbalke_son color=\u00bb#666666&#8243; produkt_link=\u00bburl:%23|title:Seguro%20para%20Coches|rel:nofollow|\u00bb]<em>Experiencia<\/em><\/p>\n<p>Muchos a\u00f1os de experiencia en el mercado espa\u00f1ol de seguros.[\/superbalke_son][superbalke_son color=\u00bb#666666&#8243; produkt_link=\u00bburl:%23|title:Seguro%20para%20Coches|rel:nofollow|\u00bb]<em>En toda Espa\u00f1a<\/em><\/p>\n<p>Ofrecemos servicio en toda Espa\u00f1a.[\/superbalke_son][\/superbalke_father][vc_btn title=\u00bbm\u00e1s detalles\u00bb shape=\u00bbround\u00bb color=\u00bbbtn-circle-down\u00bb align=\u00bbcenter\u00bb link=\u00bburl:%23|title:Seguro%20para%20Coches|rel:nofollow|\u00bb el_class=\u00bbbohe-open-weitere\u00bb][vc_btn title=\u00bbcerrar\u00bb shape=\u00bbround\u00bb color=\u00bbbtn-circle-up\u00bb align=\u00bbcenter\u00bb link=\u00bburl:%23|title:Seguro%20para%20Coches|rel:nofollow|\u00bb el_class=\u00bbbohe-close-weitere\u00bb][\/vc_column_inner][\/vc_row_inner][\/vc_column][\/vc_row][vc_row full_width=\u00bbstretch_row_content_no_spaces\u00bb equal_height=\u00bbyes\u00bb content_placement=\u00bbtop\u00bb css=\u00bb.vc_custom_1688732015589{background-color: #8d8a81 !important;}\u00bb][vc_column][vc_row_inner el_id=\u00bbcontact-forms\u00bb][vc_column_inner width=\u00bb1\/2&#8243; el_id=\u00bbanfrage\u00bb][vc_btn title=\u00bbCalcular oferta\u00bb shape=\u00bbsquare\u00bb color=\u00bbbtn-weiter-small\u00bb align=\u00bbcenter\u00bb button_block=\u00bbtrue\u00bb el_class=\u00bbbohe-anfrage-open\u00bb link=\u00bburl:%23|title:Calcular%20oferta|rel:nofollow|\u00bb css=\u00bb.vc_custom_1687183125501{margin-bottom: 0px !important;}\u00bb][\/vc_column_inner][vc_column_inner width=\u00bb1\/2&#8243; el_id=\u00bbtermin\u00bb][vc_btn title=\u00bbConcertar cita\u00bb shape=\u00bbsquare\u00bb color=\u00bbbtn-weiter-small\u00bb align=\u00bbcenter\u00bb button_block=\u00bbtrue\u00bb el_class=\u00bbbohe-termin-open\u00bb link=\u00bburl:%23|title:Concertar%20cita|rel:nofollow|\u00bb][\/vc_column_inner][\/vc_row_inner][\/vc_column][\/vc_row][vc_row full_width=\u00bbstretch_row_content_no_spaces\u00bb equal_height=\u00bbyes\u00bb content_placement=\u00bbmiddle\u00bb el_class=\u00bbforms-newdetails\u00bb][vc_column][vc_row_inner el_class=\u00bbform-back\u00bb][vc_column_inner][vc_raw_html el_class=\u00bbgetform\u00bb][\/vc_raw_html][\/vc_column_inner][\/vc_row_inner][vc_row_inner el_class=\u00bbanfrage\u00bb el_id=\u00bbtripetto_67&#8243;][vc_column_inner][\/vc_column_inner][\/vc_row_inner][vc_row_inner el_class=\u00bbtermin\u00bb el_id=\u00bbtripetto_44|booking_seguro-de-defensa-juridica\u00bb][vc_column_inner][\/vc_column_inner][\/vc_row_inner][\/vc_column][\/vc_row][vc_row full_width=\u00bbstretch_row_content_no_spaces\u00bb equal_height=\u00bbyes\u00bb content_placement=\u00bbtop\u00bb css=\u00bb.vc_custom_1688732025441{background-color: #8d8a81 !important;}\u00bb][vc_column][vc_raw_html]PGRpdiBjbGFzcz0iZmFxLWJsb2NrIj4KICA8ZGl2IGl0ZW1zY29wZT0iIiBpdGVtcHJvcD0ibWFpbkVudGl0eSIgaXRlbXR5cGU9Imh0dHBzOi8vc2NoZW1hLm9yZy9RdWVzdGlvbiI+CiAgICA8c3Ryb25nIGNsYXNzPSJzY2hlbWEtZmFxLXF1ZXN0aW9uIiBpdGVtcHJvcD0ibmFtZSI+wr9Ew7NuZGUgb2ZyZWNlbW9zIG51ZXN0cm9zIHNlcnZpY2lvcz88L3N0cm9uZz4KICAgIDxkaXYgaXRlbXNjb3BlPSIiIGl0ZW1wcm9wPSJhY2NlcHRlZEFuc3dlciIgaXRlbXR5cGU9Imh0dHBzOi8vc2NoZW1hLm9yZy9BbnN3ZXIiPgogICAgICA8ZGl2IGNsYXNzPSJzY2hlbWEtZmFxLWFuc3dlciIgaXRlbXByb3A9InRleHQiPkJvaGVtaWEgTWFsbG9yY2EgZXN0w6EgcHJlc2VudGUgZW4gTWFsbG9yY2EsIEliaXphICwgQmFsZWFyZXMsIE1hZHJpZCwgQmFyY2Vsb25hLCBBbGljYW50ZSwgVmFsZW5jaWEsIFRlbmVyaWZlLCBHcmFuIENhbmFyaWEsIENhbmFyaWFzIHkgZW4gdG9kYSBFc3Bhw7FhLjwvcD4KICAgICAgPC9kaXY+CiAgICA8L2Rpdj4KICA8L2Rpdj4KICA8ZGl2IGl0ZW1zY29wZT0iIiBpdGVtcHJvcD0ibWFpbkVudGl0eSIgaXRlbXR5cGU9Imh0dHBzOi8vc2NoZW1hLm9yZy9RdWVzdGlvbiI+CiAgICA8c3Ryb25nIGNsYXNzPSJzY2hlbWEtZmFxLXF1ZXN0aW9uIiBpdGVtcHJvcD0ibmFtZSI+wr9Db24gcXXDqSBjb21wYcOxw61hcyBkZSBzZWd1cm9zIHRyYWJhamFtb3M\/PC9zdHJvbmc+CiAgICA8ZGl2IGl0ZW1zY29wZT0iIiBpdGVtcHJvcD0iYWNjZXB0ZWRBbnN3ZXIiIGl0ZW10eXBlPSJodHRwczovL3NjaGVtYS5vcmcvQW5zd2VyIj4KICAgICAgPGRpdiBjbGFzcz0ic2NoZW1hLWZhcS1hbnN3ZXIiIGl0ZW1wcm9wPSJ0ZXh0Ij5Cb2hlbWlhIE1hbGxvcmNhIHB1ZWRlIG9mcmVjZXJsZSBwcm9kdWN0b3MgZGUgbGFzIG1lam9yZXMgYXNlZ3VyYWRvcmFzIGVzcGHDsW9sYXMuIFRyYWJhamFtb3MgY29uIMOpeGl0byBjb24gREtWLCBadXJpY2gsIEF4YSwgUmVhbGUsIE1hcGZyZSwgUmFjYywgRmlhdGMsIEFzaXNhLCBBcmFnLCBCZXJrbGV5LCBBbGxpYW56LCBIaXNjb3gsIEdlbmVyYWxpLCBBZ3J1cGFjacOzLCBFcmdvIHkgSGVsdmV0aWEuPC9kaXY+CiAgICA8L2Rpdj4KICA8L2Rpdj4KPC9kaXY+[\/vc_raw_html][\/vc_column][\/vc_row][vc_row full_width=\u00bbstretch_row_content_no_spaces\u00bb css=\u00bb.vc_custom_1679966488230{background-color: #f4ebd0 !important;}\u00bb el_class=\u00bbdunkel\u00bb][vc_column]<div class=\"wpb_content_element footer-line dunkel\">\u00bfNo ha encontrado lo que buscaba? <a href=\"\/es\/contacto\/\" class=\"bohe-weiter\">Escr\u00edbanos<\/a><\/div>[vc_custom_heading text=\u00bbNuestras compa\u00f1\u00edas de seguros\u00bb font_container=\u00bbtag:h3|text_align:center\u00bb link=\u00bburl:%2Fes%2Fnuestras-companias-de-seguros%2F|title:Nuestras%20compa%C3%B1%C3%ADas%20de%20seguros|\u00bb el_class=\u00bbheading-size-3&#8243;]\t\n\t\t<div id=\"gs_logo_area_1\" class=\"gs_logo_area gs_logo_area_1 slider1\" style=\"opacity: 0; visibility: hidden;\">\n\t\t\t<div class=\"gs_logo_area--inner\">\n\t\n\t\t\t\t\n<div class=\"gs_logo_container gs_carousel_swiper gs_logo_fix_height_and_center\" data-carousel-config='{\"direction\":\"horizontal\",\"speed\":500,\"isAutoplay\":true,\"autoplayDelay\":2000,\"loop\":true,\"pauseOnHover\":true,\"ticker\":false,\"navs\":false,\"navs_pos\":\"bottom\",\"dots\":false,\"dynamic_dots\":true,\"slideSpace\":10,\"slidesPerGroup\":1,\"desktopLogos\":5,\"tabletLogos\":3,\"mobileLogos\":2,\"reverseDirection\":false}'>\n\n\t\n\t\t\n\t\t\t<div class=\"gs_logo_single--wrapper\">\n\t\t\t\t<div class=\"gs_logo_single\">\n\n\t\t\t\t\t<!-- Logo Img -->\n\t\t\t\t\t<img decoding=\"async\" width=\"300\" height=\"100\" src=\"https:\/\/bohemia-mallorca.com\/wp-content\/uploads\/2022\/11\/dkv-seguros-mallorca-versicherungen-salud-gesundheit-espana.png\" class=\"gs-logo--img wp-post-image\" alt=\"DKV seguros Mallorca\" title=\"1-DVK\" \/>\n\t\t\t\t\t<!-- Logo Title -->\n\t\t\t\t\t\t\t\t\t\t\n\t\t\t\t\t<!-- Logo Category -->\n\t\t\t\t\t\t\t\t\t\t\n\t\t\t\t<\/div>\n\t\t\t<\/div>\n\n\t\t\n\t\t\t<div class=\"gs_logo_single--wrapper\">\n\t\t\t\t<div class=\"gs_logo_single\">\n\n\t\t\t\t\t<!-- Logo Img -->\n\t\t\t\t\t<img decoding=\"async\" width=\"300\" height=\"100\" src=\"https:\/\/bohemia-mallorca.com\/wp-content\/uploads\/2022\/11\/zurich-seguros-mallorca-versicherungen-hogar-hausrat-spanien.png\" class=\"gs-logo--img wp-post-image\" alt=\"Zurich seguros Mallorca\" title=\"2-Zurich\" \/>\n\t\t\t\t\t<!-- Logo Title -->\n\t\t\t\t\t\t\t\t\t\t\n\t\t\t\t\t<!-- Logo Category -->\n\t\t\t\t\t\t\t\t\t\t\n\t\t\t\t<\/div>\n\t\t\t<\/div>\n\n\t\t\n\t\t\t<div class=\"gs_logo_single--wrapper\">\n\t\t\t\t<div class=\"gs_logo_single\">\n\n\t\t\t\t\t<!-- Logo Img -->\n\t\t\t\t\t<img decoding=\"async\" width=\"300\" height=\"100\" src=\"https:\/\/bohemia-mallorca.com\/wp-content\/uploads\/2022\/11\/axa-seguros-mallorca-versicherung-hogar-hausrat-spanien.png\" class=\"gs-logo--img wp-post-image\" alt=\"Axa seguros Mallorca\" title=\"3-Axa\" \/>\n\t\t\t\t\t<!-- Logo Title -->\n\t\t\t\t\t\t\t\t\t\t\n\t\t\t\t\t<!-- Logo Category -->\n\t\t\t\t\t\t\t\t\t\t\n\t\t\t\t<\/div>\n\t\t\t<\/div>\n\n\t\t\n\t\t\t<div class=\"gs_logo_single--wrapper\">\n\t\t\t\t<div class=\"gs_logo_single\">\n\n\t\t\t\t\t<!-- Logo Img -->\n\t\t\t\t\t<img decoding=\"async\" width=\"300\" height=\"100\" src=\"https:\/\/bohemia-mallorca.com\/wp-content\/uploads\/2022\/11\/allianz-seguros-mallorca-versicherung-auto-coche-spanien.png\" class=\"gs-logo--img wp-post-image\" alt=\"Allianz seguros Mallorca\" title=\"4-Allianz\" \/>\n\t\t\t\t\t<!-- Logo Title -->\n\t\t\t\t\t\t\t\t\t\t\n\t\t\t\t\t<!-- Logo Category -->\n\t\t\t\t\t\t\t\t\t\t\n\t\t\t\t<\/div>\n\t\t\t<\/div>\n\n\t\t\n\t\t\t<div class=\"gs_logo_single--wrapper\">\n\t\t\t\t<div class=\"gs_logo_single\">\n\n\t\t\t\t\t<!-- Logo Img -->\n\t\t\t\t\t<img decoding=\"async\" width=\"300\" height=\"100\" src=\"https:\/\/bohemia-mallorca.com\/wp-content\/uploads\/2023\/07\/alc_logo.png\" class=\"gs-logo--img wp-post-image\" alt=\"ALC global health seguros Mallorca\" title=\"ALC global health\" \/>\n\t\t\t\t\t<!-- Logo Title -->\n\t\t\t\t\t\t\t\t\t\t\n\t\t\t\t\t<!-- Logo Category -->\n\t\t\t\t\t\t\t\t\t\t\n\t\t\t\t<\/div>\n\t\t\t<\/div>\n\n\t\t\n\t\t\t<div class=\"gs_logo_single--wrapper\">\n\t\t\t\t<div class=\"gs_logo_single\">\n\n\t\t\t\t\t<!-- Logo Img -->\n\t\t\t\t\t<img decoding=\"async\" width=\"300\" height=\"170\" src=\"https:\/\/bohemia-mallorca.com\/wp-content\/uploads\/2022\/11\/Arag-Seguros-Mallorca-Versicherungen-Spanien-Rechtsschutz-Defensa-Juridica-300x170.png\" class=\"gs-logo--img wp-post-image\" alt=\"Arag seguros\" title=\"Arag\" srcset=\"https:\/\/bohemia-mallorca.com\/wp-content\/uploads\/2022\/11\/Arag-Seguros-Mallorca-Versicherungen-Spanien-Rechtsschutz-Defensa-Juridica-e1743351683908.png 300w, https:\/\/bohemia-mallorca.com\/wp-content\/uploads\/2022\/11\/Arag-Seguros-Mallorca-Versicherungen-Spanien-Rechtsschutz-Defensa-Juridica-768x436.png 768w, https:\/\/bohemia-mallorca.com\/wp-content\/uploads\/2022\/11\/Arag-Seguros-Mallorca-Versicherungen-Spanien-Rechtsschutz-Defensa-Juridica-540x307.png 540w\" sizes=\"(max-width: 300px) 100vw, 300px\" \/>\n\t\t\t\t\t<!-- Logo Title -->\n\t\t\t\t\t\t\t\t\t\t\n\t\t\t\t\t<!-- Logo Category -->\n\t\t\t\t\t\t\t\t\t\t\n\t\t\t\t<\/div>\n\t\t\t<\/div>\n\n\t\t\n\t\t\t<div class=\"gs_logo_single--wrapper\">\n\t\t\t\t<div class=\"gs_logo_single\">\n\n\t\t\t\t\t<!-- Logo Img -->\n\t\t\t\t\t<img decoding=\"async\" width=\"300\" height=\"100\" src=\"https:\/\/bohemia-mallorca.com\/wp-content\/uploads\/2022\/11\/asisa-seguros-mallorca-versicherungen-gesundheit-salud-espana.png\" class=\"gs-logo--img wp-post-image\" alt=\"Asisa seguros\" title=\"asisa\" \/>\n\t\t\t\t\t<!-- Logo Title -->\n\t\t\t\t\t\t\t\t\t\t\n\t\t\t\t\t<!-- Logo Category -->\n\t\t\t\t\t\t\t\t\t\t\n\t\t\t\t<\/div>\n\t\t\t<\/div>\n\n\t\t\n\t\t\t<div class=\"gs_logo_single--wrapper\">\n\t\t\t\t<div class=\"gs_logo_single\">\n\n\t\t\t\t\t<!-- Logo Img -->\n\t\t\t\t\t<img decoding=\"async\" width=\"300\" height=\"94\" src=\"https:\/\/bohemia-mallorca.com\/wp-content\/uploads\/2023\/01\/Berkley-Seguros-Mallorca-Versicherung-Spanien-300x94.png\" class=\"gs-logo--img wp-post-image\" alt=\"Berkley seguros Mallorca\" title=\"Berkley\" srcset=\"https:\/\/bohemia-mallorca.com\/wp-content\/uploads\/2023\/01\/Berkley-Seguros-Mallorca-Versicherung-Spanien-e1673947732828.png 300w, https:\/\/bohemia-mallorca.com\/wp-content\/uploads\/2023\/01\/Berkley-Seguros-Mallorca-Versicherung-Spanien-500x157.png 500w\" sizes=\"(max-width: 300px) 100vw, 300px\" \/>\n\t\t\t\t\t<!-- Logo Title -->\n\t\t\t\t\t\t\t\t\t\t\n\t\t\t\t\t<!-- Logo Category -->\n\t\t\t\t\t\t\t\t\t\t\n\t\t\t\t<\/div>\n\t\t\t<\/div>\n\n\t\t\n\t\t\t<div class=\"gs_logo_single--wrapper\">\n\t\t\t\t<div class=\"gs_logo_single\">\n\n\t\t\t\t\t<!-- Logo Img -->\n\t\t\t\t\t<img decoding=\"async\" width=\"300\" height=\"100\" src=\"https:\/\/bohemia-mallorca.com\/wp-content\/uploads\/2023\/07\/calife_by_mgcmutua.png\" class=\"gs-logo--img wp-post-image\" alt=\"CA Life by MGC Mutua seguros Mallorca\" title=\"CA Life by MGC Mutua\" \/>\n\t\t\t\t\t<!-- Logo Title -->\n\t\t\t\t\t\t\t\t\t\t\n\t\t\t\t\t<!-- Logo Category -->\n\t\t\t\t\t\t\t\t\t\t\n\t\t\t\t<\/div>\n\t\t\t<\/div>\n\n\t\t\n\t\t\t<div class=\"gs_logo_single--wrapper\">\n\t\t\t\t<div class=\"gs_logo_single\">\n\n\t\t\t\t\t<!-- Logo Img -->\n\t\t\t\t\t<img decoding=\"async\" width=\"300\" height=\"127\" src=\"https:\/\/bohemia-mallorca.com\/wp-content\/uploads\/2022\/12\/Caser-Seguros-Mallorca-Versicherung-Spanien-e1743351789482.png\" class=\"gs-logo--img wp-post-image\" alt=\"Caser seguros\" title=\"Caser\" \/>\n\t\t\t\t\t<!-- Logo Title -->\n\t\t\t\t\t\t\t\t\t\t\n\t\t\t\t\t<!-- Logo Category -->\n\t\t\t\t\t\t\t\t\t\t\n\t\t\t\t<\/div>\n\t\t\t<\/div>\n\n\t\t\n\t\t\t<div class=\"gs_logo_single--wrapper\">\n\t\t\t\t<div class=\"gs_logo_single\">\n\n\t\t\t\t\t<!-- Logo Img -->\n\t\t\t\t\t<img decoding=\"async\" width=\"300\" height=\"100\" src=\"https:\/\/bohemia-mallorca.com\/wp-content\/uploads\/2022\/11\/ergo-seguros-mallorca-versicherung-leben-vida-spanien.png\" class=\"gs-logo--img wp-post-image\" alt=\"Ergo seguros\" title=\"Ergo\" \/>\n\t\t\t\t\t<!-- Logo Title -->\n\t\t\t\t\t\t\t\t\t\t\n\t\t\t\t\t<!-- Logo Category -->\n\t\t\t\t\t\t\t\t\t\t\n\t\t\t\t<\/div>\n\t\t\t<\/div>\n\n\t\t\n\t\t\t<div class=\"gs_logo_single--wrapper\">\n\t\t\t\t<div class=\"gs_logo_single\">\n\n\t\t\t\t\t<!-- Logo Img -->\n\t\t\t\t\t<img decoding=\"async\" width=\"300\" height=\"100\" src=\"https:\/\/bohemia-mallorca.com\/wp-content\/uploads\/2022\/11\/fiatc-seguros-mallorca-versicherungen-profesional-geschaeft-spanien.png\" class=\"gs-logo--img wp-post-image\" alt=\"Fiatc seguros\" title=\"FIATC\" \/>\n\t\t\t\t\t<!-- Logo Title -->\n\t\t\t\t\t\t\t\t\t\t\n\t\t\t\t\t<!-- Logo Category -->\n\t\t\t\t\t\t\t\t\t\t\n\t\t\t\t<\/div>\n\t\t\t<\/div>\n\n\t\t\n\t\t\t<div class=\"gs_logo_single--wrapper\">\n\t\t\t\t<div class=\"gs_logo_single\">\n\n\t\t\t\t\t<!-- Logo Img -->\n\t\t\t\t\t<img decoding=\"async\" width=\"300\" height=\"100\" src=\"https:\/\/bohemia-mallorca.com\/wp-content\/uploads\/2022\/11\/generali-seguros-mallorca-versicherung-haftpflicht-responsabilidad-civil-espana.png\" class=\"gs-logo--img wp-post-image\" alt=\"Generali seguros Mallorca\" title=\"Generali\" \/>\n\t\t\t\t\t<!-- Logo Title -->\n\t\t\t\t\t\t\t\t\t\t\n\t\t\t\t\t<!-- Logo Category -->\n\t\t\t\t\t\t\t\t\t\t\n\t\t\t\t<\/div>\n\t\t\t<\/div>\n\n\t\t\n\t\t\t<div class=\"gs_logo_single--wrapper\">\n\t\t\t\t<div class=\"gs_logo_single\">\n\n\t\t\t\t\t<!-- Logo Img -->\n\t\t\t\t\t<img decoding=\"async\" width=\"300\" height=\"100\" src=\"https:\/\/bohemia-mallorca.com\/wp-content\/uploads\/2022\/11\/helvetia-seguros-mallorca-versicherungen-vida-leben-spanien.png\" class=\"gs-logo--img wp-post-image\" alt=\"Helvetia seguros Mallorca\" title=\"helvetia\" \/>\n\t\t\t\t\t<!-- Logo Title -->\n\t\t\t\t\t\t\t\t\t\t\n\t\t\t\t\t<!-- Logo Category -->\n\t\t\t\t\t\t\t\t\t\t\n\t\t\t\t<\/div>\n\t\t\t<\/div>\n\n\t\t\n\t\t\t<div class=\"gs_logo_single--wrapper\">\n\t\t\t\t<div class=\"gs_logo_single\">\n\n\t\t\t\t\t<!-- Logo Img -->\n\t\t\t\t\t<img decoding=\"async\" width=\"300\" height=\"300\" src=\"https:\/\/bohemia-mallorca.com\/wp-content\/uploads\/2022\/12\/Hiscox-Seguros-Mallorca-Versicherung-Spanien-300x300.png\" class=\"gs-logo--img wp-post-image\" alt=\"Hiscox seguros\" title=\"Hiscox\" srcset=\"https:\/\/bohemia-mallorca.com\/wp-content\/uploads\/2022\/12\/Hiscox-Seguros-Mallorca-Versicherung-Spanien-300x300.png 300w, https:\/\/bohemia-mallorca.com\/wp-content\/uploads\/2022\/12\/Hiscox-Seguros-Mallorca-Versicherung-Spanien-e1743351769424-150x150.png 150w, https:\/\/bohemia-mallorca.com\/wp-content\/uploads\/2022\/12\/Hiscox-Seguros-Mallorca-Versicherung-Spanien-768x768.png 768w, https:\/\/bohemia-mallorca.com\/wp-content\/uploads\/2022\/12\/Hiscox-Seguros-Mallorca-Versicherung-Spanien-540x540.png 540w\" sizes=\"(max-width: 300px) 100vw, 300px\" \/>\n\t\t\t\t\t<!-- Logo Title -->\n\t\t\t\t\t\t\t\t\t\t\n\t\t\t\t\t<!-- Logo Category -->\n\t\t\t\t\t\t\t\t\t\t\n\t\t\t\t<\/div>\n\t\t\t<\/div>\n\n\t\t\n\t\t\t<div class=\"gs_logo_single--wrapper\">\n\t\t\t\t<div class=\"gs_logo_single\">\n\n\t\t\t\t\t<!-- Logo Img -->\n\t\t\t\t\t<img decoding=\"async\" width=\"300\" height=\"100\" src=\"https:\/\/bohemia-mallorca.com\/wp-content\/uploads\/2022\/11\/mapfre-seguros-mallorca-versicherung-hogar-haus-spanien.png\" class=\"gs-logo--img wp-post-image\" alt=\"Mapfre seguros Mallorca\" title=\"Mapfre\" \/>\n\t\t\t\t\t<!-- Logo Title -->\n\t\t\t\t\t\t\t\t\t\t\n\t\t\t\t\t<!-- Logo Category -->\n\t\t\t\t\t\t\t\t\t\t\n\t\t\t\t<\/div>\n\t\t\t<\/div>\n\n\t\t\n\t\t\t<div class=\"gs_logo_single--wrapper\">\n\t\t\t\t<div class=\"gs_logo_single\">\n\n\t\t\t\t\t<!-- Logo Img -->\n\t\t\t\t\t<img decoding=\"async\" width=\"300\" height=\"150\" src=\"https:\/\/bohemia-mallorca.com\/wp-content\/uploads\/2022\/12\/Occident-Seguros-Mallorca-Versicherung-Spanien-e1743351703407.webp\" class=\"gs-logo--img wp-post-image\" alt=\"Occident seguros\" title=\"Occident\" \/>\n\t\t\t\t\t<!-- Logo Title -->\n\t\t\t\t\t\t\t\t\t\t\n\t\t\t\t\t<!-- Logo Category -->\n\t\t\t\t\t\t\t\t\t\t\n\t\t\t\t<\/div>\n\t\t\t<\/div>\n\n\t\t\n\t\t\t<div class=\"gs_logo_single--wrapper\">\n\t\t\t\t<div class=\"gs_logo_single\">\n\n\t\t\t\t\t<!-- Logo Img -->\n\t\t\t\t\t<img decoding=\"async\" width=\"300\" height=\"100\" src=\"https:\/\/bohemia-mallorca.com\/wp-content\/uploads\/2022\/11\/racc-seguros-mallorca-versicherungen-viaje-reise_espana.png\" class=\"gs-logo--img wp-post-image\" alt=\"Racc seguros Mallorca\" title=\"Racc\" \/>\n\t\t\t\t\t<!-- Logo Title -->\n\t\t\t\t\t\t\t\t\t\t\n\t\t\t\t\t<!-- Logo Category -->\n\t\t\t\t\t\t\t\t\t\t\n\t\t\t\t<\/div>\n\t\t\t<\/div>\n\n\t\t\n\t\t\t<div class=\"gs_logo_single--wrapper\">\n\t\t\t\t<div class=\"gs_logo_single\">\n\n\t\t\t\t\t<!-- Logo Img -->\n\t\t\t\t\t<img decoding=\"async\" width=\"300\" height=\"100\" src=\"https:\/\/bohemia-mallorca.com\/wp-content\/uploads\/2022\/11\/reale-seguros-mallorca-versicherung-pymes-autonomos-spanien.png\" class=\"gs-logo--img wp-post-image\" alt=\"Reale seguros Mallorca\" title=\"Reale\" \/>\n\t\t\t\t\t<!-- Logo Title -->\n\t\t\t\t\t\t\t\t\t\t\n\t\t\t\t\t<!-- Logo Category -->\n\t\t\t\t\t\t\t\t\t\t\n\t\t\t\t<\/div>\n\t\t\t<\/div>\n\n\t\t\t\t\n\t\n<\/div>\t\t\t<\/div>\n\t\t<\/div>\n\t\n\t\t<style>#gs_logo_area_1:not(.verticaltickerdown):not(.verticalticker) .gs_logo_container{margin-left:-5px}#gs_logo_area_1:not(.verticaltickerdown):not(.verticalticker) .gs_logo_container{margin-right:-5px}#gs_logo_area_1:not(.verticaltickerdown):not(.verticalticker) .gs_logo_single--wrapper{padding:5px}#gs_logo_area_1 ul.gs-logo-filter-cats{text-align:center!important}#gs_logo_area_1 .gs_logo_single--wrapper{width:20%}@media (max-width:1023px){#gs_logo_area_1 .gs_logo_single--wrapper{width:33.333333333333%}}@media (max-width:767px){#gs_logo_area_1 .gs_logo_single--wrapper{width:50%}}<\/style>[\/vc_column][\/vc_row]<\/p>\n<\/div>","protected":false},"excerpt":{"rendered":"<p>[vc_row full_width=\u00bbstretch_row_content_no_spaces\u00bb el_class=\u00bbfixed-back-bild\u00bb el_id=\u00bbrechtsschutzversicherung\u00bb][vc_column offset=\u00bbvc_hidden-md vc_hidden-sm vc_hidden-xs\u00bb][vc_single_image image=\u00bb42275&#8243; img_size=\u00bbbohe-back\u00bb alignment=\u00bbcenter\u00bb][\/vc_column][\/vc_row][vc_row full_width=\u00bbstretch_row_content_no_spaces\u00bb el_class=\u00bbfixed-back-bild\u00bb][vc_column offset=\u00bbvc_hidden-lg\u00bb][vc_single_image image=\u00bb42271&#8243; img_size=\u00bbbohe-back\u00bb alignment=\u00bbcenter\u00bb][\/vc_column][\/vc_row][vc_row full_width=\u00bbstretch_row_content_no_spaces\u00bb full_height=\u00bbyes\u00bb columns_placement=\u00bbbottom\u00bb content_placement=\u00bbbottom\u00bb el_class=\u00bbsuper-balke-container-big\u00bb][vc_column][vc_row_inner el_class=\u00bbsuper-balke-slider\u00bb css=\u00bb.vc_custom_1687182577979{background-color: rgba(243,230,206,0.8) !important;*background-color: rgb(243,230,206) !important;}\u00bb][vc_column_inner][superbalke_father slides=\u00bb4&#8243;][superbalke_son&hellip;<\/p>\n","protected":false},"author":1,"featured_media":0,"parent":5453,"menu_order":7,"comment_status":"closed","ping_status":"closed","template":"template-produkt.php","meta":{"_acf_changed":false,"inline_featured_image":false,"footnotes":""},"class_list":["post-12465","page","type-page","status-publish","has-post-thumbnail","hentry"],"acf":[],"yoast_head":"<!-- This site is optimized with the Yoast SEO Premium plugin v22.1 (Yoast SEO v22.6) - https:\/\/yoast.com\/wordpress\/plugins\/seo\/ -->\n<title>Seguro de defensa jur\u00eddica | Bohemia Mallorca<\/title>\n<meta name=\"description\" content=\"Seguro de defensa jur\u00eddica para el abogado en situaciones imprevistas, reclamaciones por da\u00f1os y perjuicios y violaci\u00f3n de sus derechos.\" \/>\n<meta name=\"robots\" content=\"index, follow, max-snippet:-1, max-image-preview:large, max-video-preview:-1\" \/>\n<link rel=\"canonical\" href=\"https:\/\/bohemia-mallorca.com\/es\/clientes-particulares\/seguro-de-defensa-juridica\/\" \/>\n<meta property=\"og:locale\" content=\"es_ES\" \/>\n<meta property=\"og:type\" content=\"article\" \/>\n<meta property=\"og:title\" content=\"Seguro de defensa jur\u00eddica\" \/>\n<meta property=\"og:description\" content=\"Seguro de defensa jur\u00eddica para el abogado en situaciones imprevistas, reclamaciones por da\u00f1os y perjuicios y violaci\u00f3n de sus derechos.\" \/>\n<meta property=\"og:url\" content=\"https:\/\/bohemia-mallorca.com\/es\/clientes-particulares\/seguro-de-defensa-juridica\/\" \/>\n<meta property=\"og:site_name\" content=\"Bohemia Mallorca\" \/>\n<meta property=\"article:publisher\" content=\"https:\/\/www.facebook.com\/bohemiamallorca\" \/>\n<meta property=\"article:modified_time\" content=\"2023-07-29T09:57:49+00:00\" \/>\n<meta name=\"twitter:card\" content=\"summary_large_image\" \/>\n<meta name=\"twitter:label1\" content=\"Tiempo de lectura\" \/>\n\t<meta name=\"twitter:data1\" content=\"22 minutos\" \/>\n<script type=\"application\/ld+json\" class=\"yoast-schema-graph\">{\"@context\":\"https:\/\/schema.org\",\"@graph\":[{\"@type\":\"WebPage\",\"@id\":\"https:\/\/bohemia-mallorca.com\/es\/clientes-particulares\/seguro-de-defensa-juridica\/\",\"url\":\"https:\/\/bohemia-mallorca.com\/es\/clientes-particulares\/seguro-de-defensa-juridica\/\",\"name\":\"Seguro de defensa jur\u00eddica | Bohemia Mallorca\",\"isPartOf\":{\"@id\":\"https:\/\/bohemia-mallorca.com\/es\/#website\"},\"datePublished\":\"2022-04-22T14:21:03+00:00\",\"dateModified\":\"2023-07-29T09:57:49+00:00\",\"description\":\"Seguro de defensa jur\u00eddica para el abogado en situaciones imprevistas, reclamaciones por da\u00f1os y perjuicios y violaci\u00f3n de sus derechos.\",\"breadcrumb\":{\"@id\":\"https:\/\/bohemia-mallorca.com\/es\/clientes-particulares\/seguro-de-defensa-juridica\/#breadcrumb\"},\"inLanguage\":\"es\",\"potentialAction\":[{\"@type\":\"ReadAction\",\"target\":[\"https:\/\/bohemia-mallorca.com\/es\/clientes-particulares\/seguro-de-defensa-juridica\/\"]}]},{\"@type\":\"BreadcrumbList\",\"@id\":\"https:\/\/bohemia-mallorca.com\/es\/clientes-particulares\/seguro-de-defensa-juridica\/#breadcrumb\",\"itemListElement\":[{\"@type\":\"ListItem\",\"position\":1,\"name\":\"Startseite\",\"item\":\"https:\/\/bohemia-mallorca.com\/es\/\"},{\"@type\":\"ListItem\",\"position\":2,\"name\":\"Clientes particulares\",\"item\":\"https:\/\/bohemia-mallorca.com\/es\/clientes-particulares\/\"},{\"@type\":\"ListItem\",\"position\":3,\"name\":\"Seguro de defensa jur\u00eddica\"}]},{\"@type\":\"WebSite\",\"@id\":\"https:\/\/bohemia-mallorca.com\/es\/#website\",\"url\":\"https:\/\/bohemia-mallorca.com\/es\/\",\"name\":\"Bohemia Mallorca\",\"description\":\"Versicherungsmakler\",\"publisher\":{\"@id\":\"https:\/\/bohemia-mallorca.com\/es\/#organization\"},\"alternateName\":\"Bohemia\",\"potentialAction\":[{\"@type\":\"SearchAction\",\"target\":{\"@type\":\"EntryPoint\",\"urlTemplate\":\"https:\/\/bohemia-mallorca.com\/es\/?s={search_term_string}\"},\"query-input\":\"required name=search_term_string\"}],\"inLanguage\":\"es\"},{\"@type\":\"Organization\",\"@id\":\"https:\/\/bohemia-mallorca.com\/es\/#organization\",\"name\":\"Bohemia Mallorca\",\"alternateName\":\"Bohemia\",\"url\":\"https:\/\/bohemia-mallorca.com\/es\/\",\"logo\":{\"@type\":\"ImageObject\",\"inLanguage\":\"es\",\"@id\":\"https:\/\/bohemia-mallorca.com\/es\/#\/schema\/logo\/image\/\",\"url\":\"https:\/\/bohemia-mallorca.com\/wp-content\/uploads\/2022\/11\/Bohemia_Mallorca_Correduria_de_Seguros_Versicherungsmakler.png\",\"contentUrl\":\"https:\/\/bohemia-mallorca.com\/wp-content\/uploads\/2022\/11\/Bohemia_Mallorca_Correduria_de_Seguros_Versicherungsmakler.png\",\"width\":4167,\"height\":1250,\"caption\":\"Bohemia Mallorca\"},\"image\":{\"@id\":\"https:\/\/bohemia-mallorca.com\/es\/#\/schema\/logo\/image\/\"},\"sameAs\":[\"https:\/\/www.facebook.com\/bohemiamallorca\",\"https:\/\/www.instagram.com\/bohemia_mallorca\/\"]}]}<\/script>\n<!-- \/ Yoast SEO Premium plugin. -->","yoast_head_json":{"title":"Seguro de defensa jur\u00eddica | Bohemia Mallorca","description":"Seguro de defensa jur\u00eddica para el abogado en situaciones imprevistas, reclamaciones por da\u00f1os y perjuicios y violaci\u00f3n de sus derechos.","robots":{"index":"index","follow":"follow","max-snippet":"max-snippet:-1","max-image-preview":"max-image-preview:large","max-video-preview":"max-video-preview:-1"},"canonical":"https:\/\/bohemia-mallorca.com\/es\/clientes-particulares\/seguro-de-defensa-juridica\/","og_locale":"es_ES","og_type":"article","og_title":"Seguro de defensa jur\u00eddica","og_description":"Seguro de defensa jur\u00eddica para el abogado en situaciones imprevistas, reclamaciones por da\u00f1os y perjuicios y violaci\u00f3n de sus derechos.","og_url":"https:\/\/bohemia-mallorca.com\/es\/clientes-particulares\/seguro-de-defensa-juridica\/","og_site_name":"Bohemia Mallorca","article_publisher":"https:\/\/www.facebook.com\/bohemiamallorca","article_modified_time":"2023-07-29T09:57:49+00:00","twitter_card":"summary_large_image","twitter_misc":{"Tiempo de lectura":"22 minutos"},"schema":{"@context":"https:\/\/schema.org","@graph":[{"@type":"WebPage","@id":"https:\/\/bohemia-mallorca.com\/es\/clientes-particulares\/seguro-de-defensa-juridica\/","url":"https:\/\/bohemia-mallorca.com\/es\/clientes-particulares\/seguro-de-defensa-juridica\/","name":"Seguro de defensa jur\u00eddica | Bohemia Mallorca","isPartOf":{"@id":"https:\/\/bohemia-mallorca.com\/es\/#website"},"datePublished":"2022-04-22T14:21:03+00:00","dateModified":"2023-07-29T09:57:49+00:00","description":"Seguro de defensa jur\u00eddica para el abogado en situaciones imprevistas, reclamaciones por da\u00f1os y perjuicios y violaci\u00f3n de sus derechos.","breadcrumb":{"@id":"https:\/\/bohemia-mallorca.com\/es\/clientes-particulares\/seguro-de-defensa-juridica\/#breadcrumb"},"inLanguage":"es","potentialAction":[{"@type":"ReadAction","target":["https:\/\/bohemia-mallorca.com\/es\/clientes-particulares\/seguro-de-defensa-juridica\/"]}]},{"@type":"BreadcrumbList","@id":"https:\/\/bohemia-mallorca.com\/es\/clientes-particulares\/seguro-de-defensa-juridica\/#breadcrumb","itemListElement":[{"@type":"ListItem","position":1,"name":"Startseite","item":"https:\/\/bohemia-mallorca.com\/es\/"},{"@type":"ListItem","position":2,"name":"Clientes particulares","item":"https:\/\/bohemia-mallorca.com\/es\/clientes-particulares\/"},{"@type":"ListItem","position":3,"name":"Seguro de defensa jur\u00eddica"}]},{"@type":"WebSite","@id":"https:\/\/bohemia-mallorca.com\/es\/#website","url":"https:\/\/bohemia-mallorca.com\/es\/","name":"Bohemia Mallorca","description":"Versicherungsmakler","publisher":{"@id":"https:\/\/bohemia-mallorca.com\/es\/#organization"},"alternateName":"Bohemia","potentialAction":[{"@type":"SearchAction","target":{"@type":"EntryPoint","urlTemplate":"https:\/\/bohemia-mallorca.com\/es\/?s={search_term_string}"},"query-input":"required name=search_term_string"}],"inLanguage":"es"},{"@type":"Organization","@id":"https:\/\/bohemia-mallorca.com\/es\/#organization","name":"Bohemia Mallorca","alternateName":"Bohemia","url":"https:\/\/bohemia-mallorca.com\/es\/","logo":{"@type":"ImageObject","inLanguage":"es","@id":"https:\/\/bohemia-mallorca.com\/es\/#\/schema\/logo\/image\/","url":"https:\/\/bohemia-mallorca.com\/wp-content\/uploads\/2022\/11\/Bohemia_Mallorca_Correduria_de_Seguros_Versicherungsmakler.png","contentUrl":"https:\/\/bohemia-mallorca.com\/wp-content\/uploads\/2022\/11\/Bohemia_Mallorca_Correduria_de_Seguros_Versicherungsmakler.png","width":4167,"height":1250,"caption":"Bohemia Mallorca"},"image":{"@id":"https:\/\/bohemia-mallorca.com\/es\/#\/schema\/logo\/image\/"},"sameAs":["https:\/\/www.facebook.com\/bohemiamallorca","https:\/\/www.instagram.com\/bohemia_mallorca\/"]}]}},"_links":{"self":[{"href":"https:\/\/bohemia-mallorca.com\/es\/wp-json\/wp\/v2\/pages\/12465","targetHints":{"allow":["GET"]}}],"collection":[{"href":"https:\/\/bohemia-mallorca.com\/es\/wp-json\/wp\/v2\/pages"}],"about":[{"href":"https:\/\/bohemia-mallorca.com\/es\/wp-json\/wp\/v2\/types\/page"}],"author":[{"embeddable":true,"href":"https:\/\/bohemia-mallorca.com\/es\/wp-json\/wp\/v2\/users\/1"}],"replies":[{"embeddable":true,"href":"https:\/\/bohemia-mallorca.com\/es\/wp-json\/wp\/v2\/comments?post=12465"}],"version-history":[{"count":0,"href":"https:\/\/bohemia-mallorca.com\/es\/wp-json\/wp\/v2\/pages\/12465\/revisions"}],"up":[{"embeddable":true,"href":"https:\/\/bohemia-mallorca.com\/es\/wp-json\/wp\/v2\/pages\/5453"}],"wp:attachment":[{"href":"https:\/\/bohemia-mallorca.com\/es\/wp-json\/wp\/v2\/media?parent=12465"}],"curies":[{"name":"wp","href":"https:\/\/api.w.org\/{rel}","templated":true}]}}